{"id":22,"date":"2016-02-01T09:30:02","date_gmt":"2016-02-01T08:30:02","guid":{"rendered":"http:\/\/www.isop.at\/iku\/?page_id=22"},"modified":"2026-03-24T08:41:47","modified_gmt":"2026-03-24T07:41:47","slug":"chronik","status":"publish","type":"page","link":"https:\/\/www.isop.at\/iku\/chronik\/","title":{"rendered":"Chronik"},"content":{"rendered":"<h1>Chronik<\/h1>\n<h2><img loading=\"lazy\" decoding=\"async\" class=\"alignnone wp-image-4573\" src=\"https:\/\/www.isop.at\/iku\/wp-content\/uploads\/2026\/03\/Foto-Evelyn-Bauer-Steiermaerkische-Sparkasse-300x179.jpg\" alt=\"\" width=\"350\" height=\"209\" srcset=\"https:\/\/www.isop.at\/iku\/wp-content\/uploads\/2026\/03\/Foto-Evelyn-Bauer-Steiermaerkische-Sparkasse-300x179.jpg 300w, https:\/\/www.isop.at\/iku\/wp-content\/uploads\/2026\/03\/Foto-Evelyn-Bauer-Steiermaerkische-Sparkasse-640x383.jpg 640w, https:\/\/www.isop.at\/iku\/wp-content\/uploads\/2026\/03\/Foto-Evelyn-Bauer-Steiermaerkische-Sparkasse-250x149.jpg 250w, https:\/\/www.isop.at\/iku\/wp-content\/uploads\/2026\/03\/Foto-Evelyn-Bauer-Steiermaerkische-Sparkasse-100x60.jpg 100w, https:\/\/www.isop.at\/iku\/wp-content\/uploads\/2026\/03\/Foto-Evelyn-Bauer-Steiermaerkische-Sparkasse.jpg 875w\" sizes=\"auto, (max-width: 350px) 100vw, 350px\" \/><\/h2>\n<h2>&nbsp;<\/h2>\n<h2 class=\"entry-title\"><span style=\"color: #800000;\">St\u00e4rkung von Bildung, Integration und Empowerment<\/span><\/h2>\n<p>&nbsp;<\/p>\n<p><strong><em>\u201eDie Steierm\u00e4rkische Sparkasse unterst\u00fctzt ISOP \u2013 Innovative Sozialprojekte, weil die Organisation seit vielen Jahren Menschen begleitet, die besondere Chancen brauchen, um ihren Weg zu gehen.&nbsp;<\/em><\/strong><strong><em>Unser gesellschaftliches Engagement ist von dem Grundsatz getragen, Perspektiven zu er\u00f6ffnen und soziale Teilhabe zu erm\u00f6glichen. <\/em><\/strong><strong><em>Durch unsere Partnerschaft mit ISOP st\u00e4rken wir Bildung, Integration und Empowerment in unserer Region \u2013 damit Menschen in schwierigen Lebenslagen neue M\u00f6glichkeiten entdecken, <\/em><\/strong><strong><em>Selbstvertrauen entwickeln und aktiv an einer solidarischen Zukunft mitgestalten k\u00f6nnen<\/em><\/strong><strong><em>.\u201c<\/em><\/strong><em> #glaubandich<\/em><\/p>\n<p><em>Mag. Evelyn Bauer, Leiterin Generalsekretariat<\/em><\/p>\n<p><em>&nbsp;<\/em><\/p>\n<p>Die Steierm\u00e4rkische Sparkasse leistet durch ihre Unterst\u00fctzung unseres Engagements einen wichtigen Beitrag dazu, dass wir die gesellschaftliche Teilhabe von Menschen f\u00f6rdern k\u00f6nnen. Daf\u00fcr m\u00f6chten wir uns sehr herzlich bedanken!<\/p>\n<p>Mag. Robert Reithofer, Gesch\u00e4ftsf\u00fchrer von ISOP<\/p>\n<h2>&nbsp;<\/h2>\n<h2>&nbsp;<\/h2>\n<h2 class=\"entry-title\"><span style=\"color: #800000;\">Goldenes Ehrenzeichen des Landes Steiermark f\u00fcr Fred Ohenhen<\/span><\/h2>\n<p>Fred Ohenhen, seit zwanzig Jahren Projektleiter von \u201cIKU <span class=\"st\">\u2013 <\/span>Interkulturelle Bildungsarbeit in Kinderg\u00e4rten und Schulen\u201d bei ISOP, wurde am 5. November 2018 von Landeshauptmann Hermann Sch\u00fctzenh\u00f6fer das Goldene Ehrenzeichen des Landes Steiermark verliehen.<\/p>\n<p>&nbsp;<\/p>\n<p>[Not a valid template]<\/p>\n<p>Die beeindruckende Rede, die Fred bei seiner Ehrung gehalten hat:<\/p>\n<p><strong><i>Sehr geehrte Frau Landtagspr\u00e4sidentin,<br \/>\nSehr geehrter Herr Landeshauptmann,<br \/>\nliebe Mit-Ausgezeichnete,<br \/>\nverehrte G\u00e4ste!<\/i><\/strong><\/p>\n<p><strong><em>Es ist mir eine sehr gro\u00dfe Ehre, hier in meinem Namen und im Namen meiner Mit-Geehrten stehen und sprechen zu d\u00fcrfen.<\/em><\/strong><\/p>\n<p><strong><em>Ich bin fest \u00fcberzeugt, dass jede und jeder von uns das, wof\u00fcr wir geehrt werden, sehr gerne macht \u2013 und wenn man f\u00fcr das, was man mit Herzblut und Engagement tut, nicht nur bezahlt wird, weil man es vielleicht im Rahmen seiner Berufsaus\u00fcbung tut, sondern auch \u00f6ffentlich bedankt wird in Form einer Ehrung, so ist das eine ungeheure Freude und Motivation.<\/em><\/strong><\/p>\n<p><strong><em>Ebenso bin ich \u00fcberzeugt, dass viele Menschen, die hier heute als G\u00e4ste im Raum sitzen, auch diese Ehrung verdienen w\u00fcrden. Heute sind wir in der gl\u00fccklichen Lage und nehmen sie gerne an \u2013 danke, dass ihr euch alle mit uns freut; danke, dass ihr \u2013 Sie alle \u2013 mit uns feiert!<\/em><\/strong><\/p>\n<p><strong><em>Was meine Arbeit und meine Person betrifft, so m\u00f6chte ich sagen, dass diese Ehrung mir zeigt, dass unsere Arbeit in Zeiten wie diesen bei der ISOP sowie bei vielen NGOs, die f\u00fcr ein besseres Miteinander eintreten, wahrgenommen, gesch\u00e4tzt und honoriert wird \u2026 <\/em><\/strong><\/p>\n<p><strong><em>Und es ist wichtig, dass wir nicht m\u00fcde werden, denn unsere Arbeit wird nicht weniger \u2013 sie ist heute wichtiger denn je. <\/em><\/strong><\/p>\n<p><strong><em>Umso mehr ist es mir ein Anliegen, darauf hinzuweisen, dass in diesem Bereich der Integrations- und Antirassismusarbeit in den Bem\u00fchungen um einen friedlichen und respektvollen Umgang miteinander, im Bem\u00fchen, Spaltungen in der Gesellschaft gar nicht erst entstehen zu lassen, noch mehr getan werden muss!<\/em><\/strong><\/p>\n<p><strong><em>Denn was wir heute in diesem Bereich sparen, k\u00f6nnte morgen teuer werden. <\/em><\/strong><\/p>\n<p><strong><em>Diese Ehrung heute zeigt mir und l\u00e4sst mich dar\u00fcber reflektieren, dass der Einsatz f\u00fcr diese Ziele sehr wohl Fr\u00fcchte tr\u00e4gt \u2026Als ich vor 28 Jahren nach Graz kam, sind Leute im Bus oder in der Stra\u00dfenbahn noch aufgestanden, wenn ich mich neben sie setzen wollte \u2026 Jetzt stehe ich da vor Ihnen und bekomme das Goldene Ehrenzeichen des Landes Steiermark!! Daf\u00fcr sind viele Menschen mitverantwortlich \u2026 Einige von ihnen sind heute da, und ich nehme das Ehrenzeichen auch stellvertretend f\u00fcr sie in Empfang.<\/em><\/strong><\/p>\n<p><strong><em>Ich m\u00f6chte heute aber nicht zum Feiern \u00fcbergehen, ohne einen Appell auszusprechen: <\/em><\/strong><\/p>\n<p><strong><em>Einen Appell an die Politik, die Medien, an alle in diesem Land, aber auch an alle, die heute hier im Raum sind: Wir leben alle in ein und derselben Welt \u2026 <\/em><\/strong><\/p>\n<p><strong><em>Wir leben in einer Gesellschaft, die l\u00e4ngst vielf\u00e4ltig geworden ist \u2026 Wir leben, besonders in den St\u00e4dten, l\u00e4ngst in einer multikulturellen Gesellschaft \u2026 Allein in Graz leben heute Menschen aus mehr als 160 Nationen, und wir feiern heuer nicht nur 70 Jahre Menschenrechte, sondern diese, unsere Stadt Graz, tr\u00e4gt den Titel Stadt der Menschenrechte seit bereits 17 Jahren: Ist also Mensch gleich Mensch oder sind einige gleicher als die Anderen \u2013 werden heute noch Unterschiede bewusst oder unbewusst gemacht? <\/em><\/strong><\/p>\n<p><strong><em>Woran erkennt man heute in unsere Zeit und in unserer Gesellschaft eine \u00d6sterreicherin\/einen \u00d6sterreicher?<\/em><\/strong><\/p>\n<p><strong><em>Durch die Hautfarbe, die Religion, die Muttersprache, das Benehmen oder durch den Pass, so wie es im Gesetz steht?<\/em><\/strong><\/p>\n<p><strong><em>Idia, Alice und Alina, darf ich euch bitten, kurz nach vorne zu mir zu kommen?<\/em><\/strong><\/p>\n<p><strong><em>Wenn ich heute mit meiner Familie nach Nigeria fliege, in mein Geburtsland, in dem meine Mutter und meine Geschwister leben, ben\u00f6tigt nicht nur meine Frau \u2013 eine Mariahoferin \u2013 eine Einreisegenehmigung, also ein Visum, wof\u00fcr wir auch immer zahlen m\u00fcssen, sondern auch meine Kinder und ich, weil unser Pass \u00f6sterreichisch ist \u2026 Wir vier \u2013 die M\u00e4dels und ich \u2013 sind nur vier von ca. 1,3 Millionen sog. \u00d6sterreichern mit Migrationshintergrund, zu denen zum Beispiel auch unser Bundespr\u00e4sident Herr Dr. Van der Bellen z\u00e4hlt.<\/em><\/strong><\/p>\n<p><strong><em>Vielleicht sind heute auch noch ein paar von uns im Publikum!<\/em><\/strong><\/p>\n<p><strong><em>Wir stehen f\u00fcr die Vielfalt dieses Landes und m\u00f6chten \u2013 auch mit unserer Arbeit \u2013 zeigen, dass die Hautfarbe eines Menschen, wo er geboren ist, ob gro\u00df, dick oder d\u00fcnn, welche Religion er aus\u00fcbt, Sexualit\u00e4t oder Beeintr\u00e4chtigung, gar nichts \u00fcber ihn oder seinen Charakter aussagt. Denn Deppen gibt es in allen Farben, unter allen Religionen und von jeglichem K\u00f6rperbau \u2026<\/em><\/strong><\/p>\n<p><strong><em>Die Politik leistet ihren Teil, die Medien auch \u2013 man kann immer dar\u00fcber reden, ob der Teil, den sie leisten, wohl genug oder angemessen ist \u2013 und Sie!!<\/em><\/strong><\/p>\n<p><strong><em>Herzlichen Dank noch einmal im Namen aller Ausgezeichneten.<\/em><\/strong><\/p>\n<p><strong>Fred Ohenhen, 5.11.2018<\/strong><\/p>\n<h2 class=\"entry-title\"><span style=\"color: #993300;\">IKU-Pr\u00e4sentation vor der UNO: \u201cEin toller Tag und eine gro\u00dfe Ehre\u201d<\/span><\/h2>\n<p>Am 3. Oktober 2018 pr\u00e4sentierte ISOP-Projektleiter&nbsp;<a href=\"https:\/\/www.isop.at\/iku\/ueber-uns\/\" target=\"_blank\" rel=\"noopener\">Fred Ohenhen<\/a>&nbsp;vor der UNO in Wien das&nbsp;<a href=\"http:\/\/fred%20ohenhen\/\" target=\"_blank\" rel=\"noopener\">preisgekr\u00f6nte<\/a>Projekt \u201c<a href=\"http:\/\/www.isop.at\/tatigkeitsfelder\/qualifizierung-bildung\/interkulturelle-bildungsarbeit-in-kindergarten-und-schulen-iku\/\" target=\"_blank\" rel=\"noopener\">IKU \u2013 Interkulturelle Bildungsarbeit in Kinderg\u00e4rten und Schulen\u201d,<\/a>&nbsp;das sich seit zwanzig Jahren engagiert gegen Rassismus, Ausgrenzung und Vorurteile und f\u00fcr ein gutes Zusammenleben in der Steiermark einsetzt.<\/p>\n<p>Fred Ohenhen: \u201cWhat an honour and pride to have the opportunity to speak at the UN today and present my project with my colleague Murad Gurban. It was great fun. Ein toller Tag und eine gro\u00dfe Ehre, heute vor der UNO in Wien das Projekt IKU vorstellen zu d\u00fcrfen. Es war einfach gro\u00dfartig, sich mit vielen Menschen aus anderen L\u00e4ndern auszutauschen.\u201d<\/p>\n<p>&nbsp;<\/p>\n<h2><span style=\"color: #800000;\">Intercultural Achievement Award 2018 f\u00fcr \u201cIKU\u201d: Was f\u00fcr ein Abend!<\/span><\/h2>\n<div class=\"entry-content\">\n<div class=\"vodl-region-article__excerpt\">\n<div class=\"vodl-region-article__content-text\">\n<div class=\"vodl-region-article__excerpt\">\n<p>Der 2014 vom&nbsp;<a href=\"https:\/\/www.bmeia.gv.at\/\" target=\"_blank\" rel=\"noopener\">Bundesministerium f\u00fcr Europa, Integration und \u00c4u\u00dferes (BMEIA)<\/a>&nbsp;ins Leben gerufene&nbsp;<a href=\"https:\/\/www.bmeia.gv.at\/europa-aussenpolitik\/auslandskultur\/dialog-der-kulturen-und-religionen\/intercultural-achievement-award\/\" target=\"_blank\" rel=\"noopener\">Intercultural Achievement Award<\/a>&nbsp;wurde am 6. September 2018 von Au\u00dfenministerin Karin Kneissl in Wien an herausragende innovative Projekte auf \u00f6sterreichischer und internationaler Ebene im Bereich des interkulturellen Dialogs verliehen.<\/p>\n<p>ISOP-Projektleiter&nbsp;<a href=\"https:\/\/www.isop.at\/iku\/ueber-uns\/\" target=\"_blank\" rel=\"noopener\">Fred Ohenhen<\/a>&nbsp;nahm mit seiner Kollegin Marie-Claude&nbsp;Mutamba die Auszeichnung in der Kategorie \u201cSonderpreis f\u00fcr Integration\u201d f\u00fcr das 1998 initiierte Projekt&nbsp;<a href=\"http:\/\/www.isop.at\/tatigkeitsfelder\/qualifizierung-bildung\/interkulturelle-bildungsarbeit-in-kindergarten-und-schulen-iku\/\" target=\"_blank\" rel=\"noopener\">IKU \u2013 Interkulturelle Bildungsarbeit in Kinderg\u00e4rten und Schulen<\/a>&nbsp;entgegen.<\/p>\n<\/div>\n<p>\u201cWas f\u00fcr ein Abend!\u201d, freut sich Fred Ohenhen, \u201cEs war f\u00fcr uns eine gro\u00dfe Ehre, im Jazzclub Porgy &amp; Bess den heurigen Sonderpreis f\u00fcr Integration des Bundesministeriums Ministeriums f\u00fcr Europa, Integration und \u00c4u\u00dferes zu erhalten Das tut besonders gut in Zeiten wie diesen \u2026 Es war einfach sch\u00f6n, dabei zu sein und den Preis 2018 \u2013 neben den anderen Preistr\u00e4gern mit Projekten aus der Ukraine, Mosambik, Tunesien und Israel \u2013 nach Graz zu holen. Bald sind es f\u00fcr IKU 20 sch\u00f6ne Jahre!\u201d<\/p>\n<\/div>\n<\/div>\n<\/div>\n<p><strong>12.12.2015, 18:00 ORF Landesstudio Steiermark, Buch- und CD-Pr\u00e4sentation<\/strong><\/p>\n<p>Das Buch von Fred Ohenhen &#8222;Ein Leben. Zwei Welten.&#8220; und die neue CD &#8222;Stories&#8220; vom Team IKU wurden im Rahmen des Tages der Menschenrechte anl\u00e4sslich 15 Jahre IKU vorgestellt.<\/p>\n<p>Die Buch- und CD-Pr\u00e4sentation fand am <strong>12.12.2015<\/strong> um <strong>18.00 Uhr<\/strong> im <strong>ORF Landesstudio Steiermark, Marburger Stra\u00dfe 20, 8041 Graz<\/strong> statt.<\/p>\n","protected":false},"excerpt":{"rendered":"<p>Chronik &nbsp; St\u00e4rkung von Bildung, Integration und Empowerment &nbsp; \u201eDie Steierm\u00e4rkische Sparkasse unterst\u00fctzt ISOP \u2013 Innovative Sozialprojekte, weil die Organisation seit vielen Jahren Menschen begleitet, die besondere Chancen brauchen, um ihren Weg zu gehen.&nbsp;Unser gesellschaftliches Engagement ist von dem Grundsatz getragen, Perspektiven zu er\u00f6ffnen und soziale Teilhabe zu erm\u00f6glichen. Durch unsere Partnerschaft mit ISOP st\u00e4rken &hellip; <a href=\"https:\/\/www.isop.at\/iku\/chronik\/\" class=\"more-link\">Continue reading <span class=\"screen-reader-text\">Chronik<\/span><\/a><\/p>\n","protected":false},"author":1,"featured_media":0,"parent":0,"menu_order":0,"comment_status":"closed","ping_status":"closed","template":"","meta":{"_acf_changed":false,"ngg_post_thumbnail":0,"footnotes":""},"class_list":["post-22","page","type-page","status-publish","hentry"],"acf":[],"_links":{"self":[{"href":"https:\/\/www.isop.at\/iku\/wp-json\/wp\/v2\/pages\/22","targetHints":{"allow":["GET"]}}],"collection":[{"href":"https:\/\/www.isop.at\/iku\/wp-json\/wp\/v2\/pages"}],"about":[{"href":"https:\/\/www.isop.at\/iku\/wp-json\/wp\/v2\/types\/page"}],"author":[{"embeddable":true,"href":"https:\/\/www.isop.at\/iku\/wp-json\/wp\/v2\/users\/1"}],"replies":[{"embeddable":true,"href":"https:\/\/www.isop.at\/iku\/wp-json\/wp\/v2\/comments?post=22"}],"version-history":[{"count":26,"href":"https:\/\/www.isop.at\/iku\/wp-json\/wp\/v2\/pages\/22\/revisions"}],"predecessor-version":[{"id":4577,"href":"https:\/\/www.isop.at\/iku\/wp-json\/wp\/v2\/pages\/22\/revisions\/4577"}],"wp:attachment":[{"href":"https:\/\/www.isop.at\/iku\/wp-json\/wp\/v2\/media?parent=22"}],"curies":[{"name":"wp","href":"https:\/\/api.w.org\/{rel}","templated":true}]}}